{"id":84,"date":"2024-01-26T18:44:15","date_gmt":"2024-01-26T17:44:15","guid":{"rendered":"https:\/\/kamenica-musica.de\/?page_id=84"},"modified":"2026-07-24T22:57:35","modified_gmt":"2026-07-24T20:57:35","slug":"homepage","status":"publish","type":"page","link":"https:\/\/kamenica-musica.de\/","title":{"rendered":"Herzlich Willkommen"},"content":{"rendered":"<div id=\"metaslider-id-516\" style=\"width: 100%;\" class=\"ml-slider-3-97-0 metaslider metaslider-flex metaslider-516 ml-slider ms-theme-default-base has-carousel-mode has-dots-nav\" role=\"region\" aria-roledescription=\"Slideshow\" aria-label=\"New Slideshow\" data-width=\"700\">\n    <div id=\"metaslider_container_516\">\n        <div id=\"metaslider_516\">\n            <ul class='slides'>\n                <li style=\"display: none; width: 100%;\" class=\"slide-517 ms-image \" aria-roledescription=\"slide\" aria-label=\"slide-517\" data-date=\"2025-01-18 02:34:38\"><img loading=\"lazy\" decoding=\"async\" width=\"2560\" height=\"1928\" src=\"https:\/\/kamenica-musica.de\/wp-content\/uploads\/2025\/01\/PXL_20240608_144903128.MP_-scaled.jpg\" class=\"slider-516 slide-517\" alt=\"\" rel=\"\" title=\"PXL_20240608_144903128.MP\" srcset=\"https:\/\/kamenica-musica.de\/wp-content\/uploads\/2025\/01\/PXL_20240608_144903128.MP_-scaled.jpg 2560w, https:\/\/kamenica-musica.de\/wp-content\/uploads\/2025\/01\/PXL_20240608_144903128.MP_-300x226.jpg 300w, https:\/\/kamenica-musica.de\/wp-content\/uploads\/2025\/01\/PXL_20240608_144903128.MP_-1024x771.jpg 1024w, https:\/\/kamenica-musica.de\/wp-content\/uploads\/2025\/01\/PXL_20240608_144903128.MP_-768x578.jpg 768w, https:\/\/kamenica-musica.de\/wp-content\/uploads\/2025\/01\/PXL_20240608_144903128.MP_-1536x1157.jpg 1536w, https:\/\/kamenica-musica.de\/wp-content\/uploads\/2025\/01\/PXL_20240608_144903128.MP_-2048x1542.jpg 2048w\" sizes=\"auto, (max-width: 2560px) 100vw, 2560px\" \/><\/li>\n                <li style=\"display: none; width: 100%;\" class=\"slide-519 ms-image \" aria-roledescription=\"slide\" aria-label=\"slide-519\" data-date=\"2025-01-18 02:35:24\"><img loading=\"lazy\" decoding=\"async\" width=\"2560\" height=\"1920\" src=\"https:\/\/kamenica-musica.de\/wp-content\/uploads\/2025\/01\/IMG_20240615_154850781_HDR-scaled.jpg\" class=\"slider-516 slide-519\" alt=\"\" rel=\"\" title=\"IMG_20240615_154850781_HDR\" srcset=\"https:\/\/kamenica-musica.de\/wp-content\/uploads\/2025\/01\/IMG_20240615_154850781_HDR-scaled.jpg 2560w, https:\/\/kamenica-musica.de\/wp-content\/uploads\/2025\/01\/IMG_20240615_154850781_HDR-300x225.jpg 300w, https:\/\/kamenica-musica.de\/wp-content\/uploads\/2025\/01\/IMG_20240615_154850781_HDR-1024x768.jpg 1024w, https:\/\/kamenica-musica.de\/wp-content\/uploads\/2025\/01\/IMG_20240615_154850781_HDR-768x576.jpg 768w, https:\/\/kamenica-musica.de\/wp-content\/uploads\/2025\/01\/IMG_20240615_154850781_HDR-1536x1152.jpg 1536w, https:\/\/kamenica-musica.de\/wp-content\/uploads\/2025\/01\/IMG_20240615_154850781_HDR-2048x1536.jpg 2048w\" sizes=\"auto, (max-width: 2560px) 100vw, 2560px\" \/><\/li>\n                <li style=\"display: none; width: 100%;\" class=\"slide-521 ms-image \" aria-roledescription=\"slide\" aria-label=\"slide-521\" data-date=\"2025-01-18 02:35:48\"><img loading=\"lazy\" decoding=\"async\" width=\"2560\" height=\"1920\" src=\"https:\/\/kamenica-musica.de\/wp-content\/uploads\/2025\/01\/IMG_20240414_185934819_HDR-scaled.jpg\" class=\"slider-516 slide-521\" alt=\"\" rel=\"\" title=\"IMG_20240414_185934819_HDR\" srcset=\"https:\/\/kamenica-musica.de\/wp-content\/uploads\/2025\/01\/IMG_20240414_185934819_HDR-scaled.jpg 2560w, https:\/\/kamenica-musica.de\/wp-content\/uploads\/2025\/01\/IMG_20240414_185934819_HDR-300x225.jpg 300w, https:\/\/kamenica-musica.de\/wp-content\/uploads\/2025\/01\/IMG_20240414_185934819_HDR-1024x768.jpg 1024w, https:\/\/kamenica-musica.de\/wp-content\/uploads\/2025\/01\/IMG_20240414_185934819_HDR-768x576.jpg 768w, https:\/\/kamenica-musica.de\/wp-content\/uploads\/2025\/01\/IMG_20240414_185934819_HDR-1536x1152.jpg 1536w, https:\/\/kamenica-musica.de\/wp-content\/uploads\/2025\/01\/IMG_20240414_185934819_HDR-2048x1536.jpg 2048w\" sizes=\"auto, (max-width: 2560px) 100vw, 2560px\" \/><\/li>\n                <li style=\"display: none; width: 100%;\" class=\"slide-522 ms-image \" aria-roledescription=\"slide\" aria-label=\"slide-522\" data-date=\"2025-01-18 02:35:53\"><img loading=\"lazy\" decoding=\"async\" width=\"2560\" height=\"1920\" src=\"https:\/\/kamenica-musica.de\/wp-content\/uploads\/2025\/01\/IMG_20240414_113122446-scaled.jpg\" class=\"slider-516 slide-522\" alt=\"\" rel=\"\" title=\"IMG_20240414_113122446\" srcset=\"https:\/\/kamenica-musica.de\/wp-content\/uploads\/2025\/01\/IMG_20240414_113122446-scaled.jpg 2560w, https:\/\/kamenica-musica.de\/wp-content\/uploads\/2025\/01\/IMG_20240414_113122446-300x225.jpg 300w, https:\/\/kamenica-musica.de\/wp-content\/uploads\/2025\/01\/IMG_20240414_113122446-1024x768.jpg 1024w, https:\/\/kamenica-musica.de\/wp-content\/uploads\/2025\/01\/IMG_20240414_113122446-768x576.jpg 768w, https:\/\/kamenica-musica.de\/wp-content\/uploads\/2025\/01\/IMG_20240414_113122446-1536x1152.jpg 1536w, https:\/\/kamenica-musica.de\/wp-content\/uploads\/2025\/01\/IMG_20240414_113122446-2048x1536.jpg 2048w\" sizes=\"auto, (max-width: 2560px) 100vw, 2560px\" \/><\/li>\n                <li style=\"display: none; width: 100%;\" class=\"slide-523 ms-image \" aria-roledescription=\"slide\" aria-label=\"slide-523\" data-date=\"2025-01-18 02:35:58\"><img loading=\"lazy\" decoding=\"async\" width=\"2560\" height=\"1920\" src=\"https:\/\/kamenica-musica.de\/wp-content\/uploads\/2025\/01\/IMG_20240413_224018250-scaled.jpg\" class=\"slider-516 slide-523\" alt=\"\" rel=\"\" title=\"IMG_20240413_224018250\" srcset=\"https:\/\/kamenica-musica.de\/wp-content\/uploads\/2025\/01\/IMG_20240413_224018250-scaled.jpg 2560w, https:\/\/kamenica-musica.de\/wp-content\/uploads\/2025\/01\/IMG_20240413_224018250-300x225.jpg 300w, https:\/\/kamenica-musica.de\/wp-content\/uploads\/2025\/01\/IMG_20240413_224018250-1024x768.jpg 1024w, https:\/\/kamenica-musica.de\/wp-content\/uploads\/2025\/01\/IMG_20240413_224018250-768x576.jpg 768w, https:\/\/kamenica-musica.de\/wp-content\/uploads\/2025\/01\/IMG_20240413_224018250-1536x1152.jpg 1536w, https:\/\/kamenica-musica.de\/wp-content\/uploads\/2025\/01\/IMG_20240413_224018250-2048x1536.jpg 2048w\" sizes=\"auto, (max-width: 2560px) 100vw, 2560px\" \/><\/li>\n                <li style=\"display: none; width: 100%;\" class=\"slide-524 ms-image \" aria-roledescription=\"slide\" aria-label=\"slide-524\" data-date=\"2025-01-18 02:36:03\"><img loading=\"lazy\" decoding=\"async\" width=\"2560\" height=\"1920\" src=\"https:\/\/kamenica-musica.de\/wp-content\/uploads\/2025\/01\/IMG_20240413_134324280-scaled.jpg\" class=\"slider-516 slide-524\" alt=\"\" rel=\"\" title=\"IMG_20240413_134324280\" srcset=\"https:\/\/kamenica-musica.de\/wp-content\/uploads\/2025\/01\/IMG_20240413_134324280-scaled.jpg 2560w, https:\/\/kamenica-musica.de\/wp-content\/uploads\/2025\/01\/IMG_20240413_134324280-300x225.jpg 300w, https:\/\/kamenica-musica.de\/wp-content\/uploads\/2025\/01\/IMG_20240413_134324280-1024x768.jpg 1024w, https:\/\/kamenica-musica.de\/wp-content\/uploads\/2025\/01\/IMG_20240413_134324280-768x576.jpg 768w, https:\/\/kamenica-musica.de\/wp-content\/uploads\/2025\/01\/IMG_20240413_134324280-1536x1152.jpg 1536w, https:\/\/kamenica-musica.de\/wp-content\/uploads\/2025\/01\/IMG_20240413_134324280-2048x1536.jpg 2048w\" sizes=\"auto, (max-width: 2560px) 100vw, 2560px\" \/><\/li>\n                <li style=\"display: none; width: 100%;\" class=\"slide-525 ms-image \" aria-roledescription=\"slide\" aria-label=\"slide-525\" data-date=\"2025-01-18 02:36:11\"><img loading=\"lazy\" decoding=\"async\" width=\"2560\" height=\"1704\" src=\"https:\/\/kamenica-musica.de\/wp-content\/uploads\/2025\/01\/IMG_5422-scaled.jpg\" class=\"slider-516 slide-525\" alt=\"\" rel=\"\" title=\"IMG_5422\" srcset=\"https:\/\/kamenica-musica.de\/wp-content\/uploads\/2025\/01\/IMG_5422-scaled.jpg 2560w, https:\/\/kamenica-musica.de\/wp-content\/uploads\/2025\/01\/IMG_5422-300x200.jpg 300w, https:\/\/kamenica-musica.de\/wp-content\/uploads\/2025\/01\/IMG_5422-1024x682.jpg 1024w, https:\/\/kamenica-musica.de\/wp-content\/uploads\/2025\/01\/IMG_5422-768x511.jpg 768w, https:\/\/kamenica-musica.de\/wp-content\/uploads\/2025\/01\/IMG_5422-1536x1023.jpg 1536w, https:\/\/kamenica-musica.de\/wp-content\/uploads\/2025\/01\/IMG_5422-2048x1364.jpg 2048w\" sizes=\"auto, (max-width: 2560px) 100vw, 2560px\" \/><\/li>\n                <li style=\"display: none; width: 100%;\" class=\"slide-526 ms-image \" aria-roledescription=\"slide\" aria-label=\"slide-526\" data-date=\"2025-01-18 02:36:17\"><img loading=\"lazy\" decoding=\"async\" width=\"2560\" height=\"1920\" src=\"https:\/\/kamenica-musica.de\/wp-content\/uploads\/2025\/01\/93a_20240404_075200979_HDR-scaled.jpg\" class=\"slider-516 slide-526\" alt=\"\" rel=\"\" title=\"93a_20240404_075200979_HDR\" srcset=\"https:\/\/kamenica-musica.de\/wp-content\/uploads\/2025\/01\/93a_20240404_075200979_HDR-scaled.jpg 2560w, https:\/\/kamenica-musica.de\/wp-content\/uploads\/2025\/01\/93a_20240404_075200979_HDR-300x225.jpg 300w, https:\/\/kamenica-musica.de\/wp-content\/uploads\/2025\/01\/93a_20240404_075200979_HDR-1024x768.jpg 1024w, https:\/\/kamenica-musica.de\/wp-content\/uploads\/2025\/01\/93a_20240404_075200979_HDR-768x576.jpg 768w, https:\/\/kamenica-musica.de\/wp-content\/uploads\/2025\/01\/93a_20240404_075200979_HDR-1536x1152.jpg 1536w, https:\/\/kamenica-musica.de\/wp-content\/uploads\/2025\/01\/93a_20240404_075200979_HDR-2048x1536.jpg 2048w\" sizes=\"auto, (max-width: 2560px) 100vw, 2560px\" \/><\/li>\n                <li style=\"display: none; width: 100%;\" class=\"slide-527 ms-image \" aria-roledescription=\"slide\" aria-label=\"slide-527\" data-date=\"2025-01-18 02:36:24\"><img loading=\"lazy\" decoding=\"async\" width=\"2560\" height=\"1920\" src=\"https:\/\/kamenica-musica.de\/wp-content\/uploads\/2025\/01\/89b_20231030_080404088-scaled.jpg\" class=\"slider-516 slide-527\" alt=\"\" rel=\"\" title=\"89b_20231030_080404088\" srcset=\"https:\/\/kamenica-musica.de\/wp-content\/uploads\/2025\/01\/89b_20231030_080404088-scaled.jpg 2560w, https:\/\/kamenica-musica.de\/wp-content\/uploads\/2025\/01\/89b_20231030_080404088-300x225.jpg 300w, https:\/\/kamenica-musica.de\/wp-content\/uploads\/2025\/01\/89b_20231030_080404088-1024x768.jpg 1024w, https:\/\/kamenica-musica.de\/wp-content\/uploads\/2025\/01\/89b_20231030_080404088-768x576.jpg 768w, https:\/\/kamenica-musica.de\/wp-content\/uploads\/2025\/01\/89b_20231030_080404088-1536x1152.jpg 1536w, https:\/\/kamenica-musica.de\/wp-content\/uploads\/2025\/01\/89b_20231030_080404088-2048x1536.jpg 2048w\" sizes=\"auto, (max-width: 2560px) 100vw, 2560px\" \/><\/li>\n                <li style=\"display: none; width: 100%;\" class=\"slide-528 ms-image \" aria-roledescription=\"slide\" aria-label=\"slide-528\" data-date=\"2025-01-18 02:36:30\"><img loading=\"lazy\" decoding=\"async\" width=\"2040\" height=\"1530\" src=\"https:\/\/kamenica-musica.de\/wp-content\/uploads\/2025\/01\/24-08-11-18-17-30-595b.jpg\" class=\"slider-516 slide-528\" alt=\"\" rel=\"\" title=\"24-08-11 18-17-30 595b\" srcset=\"https:\/\/kamenica-musica.de\/wp-content\/uploads\/2025\/01\/24-08-11-18-17-30-595b.jpg 2040w, https:\/\/kamenica-musica.de\/wp-content\/uploads\/2025\/01\/24-08-11-18-17-30-595b-300x225.jpg 300w, https:\/\/kamenica-musica.de\/wp-content\/uploads\/2025\/01\/24-08-11-18-17-30-595b-1024x768.jpg 1024w, https:\/\/kamenica-musica.de\/wp-content\/uploads\/2025\/01\/24-08-11-18-17-30-595b-768x576.jpg 768w, https:\/\/kamenica-musica.de\/wp-content\/uploads\/2025\/01\/24-08-11-18-17-30-595b-1536x1152.jpg 1536w\" sizes=\"auto, (max-width: 2040px) 100vw, 2040px\" \/><\/li>\n            <\/ul>\n        <\/div>\n        \n    <\/div>\n<\/div>\n\n\n\n<p class=\"wp-block-paragraph\">Musikgeschichte(n) soll(en) im \u00f6ffentlichen Raum erlebbar werden. Gemeinsam mit Partnern aus anderen europ\u00e4ischen L\u00e4ndern und G\u00e4sten der Kulturhauptstadt wollen wir Chemnitzer Musik und Verbindungen in die Nachbarl\u00e4nder zeigen.<\/p>\n\n\n\n<p class=\"wp-block-paragraph\">Der Wander- und Radweg zwischen der Endhaltestelle Altchemnitz und dem Falkeplatz durch den Stadtpark soll zum musikalischen Spaziergang werden. Vom Zusammenfluss von W\u00fcrschnitz und Zw\u00f6nitz zur Chemnitz, vorbei an der Interventionsfl\u00e4che Flussbad Altchemnitz und dem Europark mit dem zuk\u00fcnftigen internationalen Tanzzentrum bis zum Weltecho sollen Stationen entstehen und diesen Weg noch interessanter werden lassen (Stadt am Fluss). Mit Informationstafeln und einem Lautsprecher, \u00fcber den man die Musikst\u00fccke auf Knopfdruck anh\u00f6ren kann, werden musikalische Aktivit\u00e4ten der Kulturregion vorgestellt.<\/p>\n\n\n\n<p class=\"wp-block-paragraph\">Wir wollen lokale Initiativen ermuntern, sich im \u00f6ffentlichen Raum zu zeigen (C the unseen) und ermutigen, dabei Verbindungen in die Nachbarl\u00e4nder zu festigen. Aus den gemeinsamen Aktionen soll die Musik eingespielt werden, die dann an den Stationen h\u00f6rbar wird.<\/p>\n\n\n\n<hr class=\"wp-block-separator has-alpha-channel-opacity\"\/>\n\n\n\n<div  class=\"tribe-compatibility-container\" >\n\t<div\n\t\t class=\"tribe-common tribe-events tribe-events-view tribe-events-view--widget-events-list tribe-events-widget\" \t\tdata-js=\"tribe-events-view\"\n\t\tdata-view-rest-url=\"https:\/\/kamenica-musica.de\/index.php\/wp-json\/tribe\/views\/v2\/html\"\n\t\tdata-view-manage-url=\"1\"\n\t\t\t\t\t\t\tdata-view-breakpoint-pointer=\"fe30fae8-c1d1-4356-b22c-cdd79a8d15d3\"\n\t\t\t>\n\t\t<div class=\"tribe-events-widget-events-list\">\n\n\t\t\t<script type=\"application\/ld+json\">\r\n[{\"@context\":\"http:\/\/schema.org\",\"@type\":\"Event\",\"name\":\"VERANSTALTUNGSTIPP: Speed-Dating unterm Apfelbaum\",\"description\":\"&lt;p&gt;Auch dieses Jahr gibt\\u2019s wieder unser Speed-Dating unterm Apfelbaum \\ud83c\\udf33\\ud83c\\udf4e \\u2013 f\\u00fcr alle zwischen 25 und 40 (+\/-), denen Umwelt und Nachhaltigkeit wichtig sind und die Lust haben, neue Leute [...] &lt;\/p&gt;\\\\n&lt;p class=&quot;more-link-container&quot;&gt;&lt;a href=&quot;https:\/\/kamenica-musica.de\/index.php\/event\/veranstaltungstipp-speed-dating-unterm-apfelbaum\/&quot; class=&quot;more-link&quot;&gt;Read More&lt;span class=&quot;screen-reader-text&quot;&gt; &quot;VERANSTALTUNGSTIPP: Speed-Dating unterm Apfelbaum&quot;&lt;\/span&gt;&lt;\/a&gt;&lt;\/p&gt;\\\\n\",\"url\":\"https:\/\/kamenica-musica.de\/index.php\/event\/veranstaltungstipp-speed-dating-unterm-apfelbaum\/\",\"eventAttendanceMode\":\"https:\/\/schema.org\/OfflineEventAttendanceMode\",\"eventStatus\":\"https:\/\/schema.org\/EventScheduled\",\"startDate\":\"2026-09-19T17:00:00+02:00\",\"endDate\":\"2026-09-19T19:00:00+02:00\",\"location\":{\"@type\":\"Place\",\"name\":\"BUND Obstlehrgarten im Stadtpark\",\"description\":\"\",\"url\":\"\",\"address\":{\"@type\":\"PostalAddress\",\"streetAddress\":\"Dittersdorfer Str. 35\",\"addressLocality\":\"Chemnitz\",\"postalCode\":\"09120\"},\"telephone\":\"\",\"sameAs\":\"\"},\"performer\":\"Organization\"}]\r\n<\/script>\n\t\t\t<script data-js=\"tribe-events-view-data\" type=\"application\/json\">\n\t{\"slug\":\"widget-events-list\",\"prev_url\":\"\",\"next_url\":\"\",\"view_class\":\"Tribe\\\\Events\\\\Views\\\\V2\\\\Views\\\\Widgets\\\\Widget_List_View\",\"view_slug\":\"widget-events-list\",\"view_label\":\"View\",\"view\":null,\"should_manage_url\":true,\"id\":null,\"alias-slugs\":null,\"title\":\"Veranstaltungen aus 4. September \\u2013 19. September \\u2013 Kamenica Musica\",\"limit\":\"5\",\"no_upcoming_events\":false,\"featured_events_only\":false,\"jsonld_enable\":true,\"tribe_is_list_widget\":false,\"admin_fields\":{\"title\":{\"label\":\"Titel:\",\"type\":\"text\",\"classes\":\"\",\"dependency\":\"\",\"id\":\"widget-tribe-widget-events-list--1-title\",\"name\":\"widget-tribe-widget-events-list[-1][title]\",\"options\":[],\"placeholder\":\"\",\"value\":null},\"limit\":{\"label\":\"Anzeige:\",\"type\":\"number\",\"default\":5,\"min\":1,\"max\":10,\"step\":1,\"classes\":\"\",\"dependency\":\"\",\"id\":\"widget-tribe-widget-events-list--1-limit\",\"name\":\"widget-tribe-widget-events-list[-1][limit]\",\"options\":[],\"placeholder\":\"\",\"value\":null},\"no_upcoming_events\":{\"label\":\"Blende dieses Widget aus, wenn es keine bevorstehenden Veranstaltungen gibt.\",\"type\":\"checkbox\",\"classes\":\"\",\"dependency\":\"\",\"id\":\"widget-tribe-widget-events-list--1-no_upcoming_events\",\"name\":\"widget-tribe-widget-events-list[-1][no_upcoming_events]\",\"options\":[],\"placeholder\":\"\",\"value\":null},\"featured_events_only\":{\"label\":\"Nur auf hervorgehobene Veranstaltungen beschr\\u00e4nken\",\"type\":\"checkbox\",\"classes\":\"\",\"dependency\":\"\",\"id\":\"widget-tribe-widget-events-list--1-featured_events_only\",\"name\":\"widget-tribe-widget-events-list[-1][featured_events_only]\",\"options\":[],\"placeholder\":\"\",\"value\":null},\"jsonld_enable\":{\"label\":\"JSON-LD-Daten generieren\",\"type\":\"checkbox\",\"classes\":\"\",\"dependency\":\"\",\"id\":\"widget-tribe-widget-events-list--1-jsonld_enable\",\"name\":\"widget-tribe-widget-events-list[-1][jsonld_enable]\",\"options\":[],\"placeholder\":\"\",\"value\":null}},\"events\":[856],\"url\":\"https:\\\/\\\/kamenica-musica.de\\\/?post_type=tribe_events&eventDisplay=widget-events-list\",\"url_event_date\":false,\"bar\":{\"keyword\":\"\",\"date\":\"\"},\"today\":\"2026-09-04 00:00:00\",\"now\":\"2026-09-04 07:14:39\",\"rest_url\":\"https:\\\/\\\/kamenica-musica.de\\\/index.php\\\/wp-json\\\/tribe\\\/views\\\/v2\\\/html\",\"rest_method\":\"POST\",\"rest_nonce\":\"\",\"today_url\":\"https:\\\/\\\/kamenica-musica.de\\\/?post_type=tribe_events&eventDisplay=widget-events-list&rest_route=%2Fwp%2Fv2%2Fpages%2F84\",\"today_title\":\"Klicke, um das heutige Datum auszuw\\u00e4hlen\",\"today_label\":\"Heute\",\"prev_label\":\"\",\"next_label\":\"\",\"date_formats\":{\"compact\":\"d.m.Y\",\"month_and_year_compact\":\"m.Y\",\"month_and_year\":\"F Y\",\"time_range_separator\":\" - \",\"date_time_separator\":\" @ \"},\"messages\":[],\"start_of_week\":\"1\",\"header_title\":\"\",\"header_title_element\":\"h1\",\"content_title\":\"\",\"breadcrumbs\":[],\"before_events\":\"\",\"after_events\":\"\\n<!--\\nThis calendar is powered by The Events Calendar.\\nhttp:\\\/\\\/evnt.is\\\/18wn\\n-->\\n\",\"display_events_bar\":false,\"disable_event_search\":true,\"live_refresh\":true,\"ical\":{\"display_link\":true,\"link\":{\"url\":\"https:\\\/\\\/kamenica-musica.de\\\/?post_type=tribe_events&#038;eventDisplay=widget-events-list&#038;ical=1\",\"text\":\"Veranstaltungen als iCal exportieren\",\"title\":\"Diese Funktion verwenden, um Kalenderdaten mit Google Kalender, Apple iCal und kompatiblen Apps zu teilen\"}},\"container_classes\":[\"tribe-common\",\"tribe-events\",\"tribe-events-view\",\"tribe-events-view--widget-events-list\",\"tribe-events-widget\"],\"container_data\":[],\"is_past\":false,\"breakpoints\":{\"xsmall\":500,\"medium\":768,\"full\":960},\"breakpoint_pointer\":\"fe30fae8-c1d1-4356-b22c-cdd79a8d15d3\",\"is_initial_load\":false,\"public_views\":{\"list\":{\"view_class\":\"Tribe\\\\Events\\\\Views\\\\V2\\\\Views\\\\List_View\",\"view_url\":\"https:\\\/\\\/kamenica-musica.de\\\/events\\\/liste\\\/\",\"view_label\":\"Liste\"}},\"show_latest_past\":false,\"past\":false,\"compatibility_classes\":[\"tribe-compatibility-container\"],\"view_more_text\":\"Kalender anzeigen\",\"view_more_title\":\"Weitere Veranstaltungen anzeigen.\",\"view_more_link\":\"https:\\\/\\\/kamenica-musica.de\\\/events\\\/\",\"widget_title\":\"Anstehende Veranstaltungen\",\"hide_if_no_upcoming_events\":false,\"display\":[],\"subscribe_links\":{\"gcal\":{\"label\":\"Google Kalender\",\"single_label\":\"Zu Google Kalender hinzuf\\u00fcgen\",\"visible\":true,\"block_slug\":\"hasGoogleCalendar\"},\"ical\":{\"label\":\"iCalendar\",\"single_label\":\"Zu iCalendar hinzuf\\u00fcgen\",\"visible\":true,\"block_slug\":\"hasiCal\"},\"outlook-365\":{\"label\":\"Outlook 365\",\"single_label\":\"Outlook 365\",\"visible\":true,\"block_slug\":\"hasOutlook365\"},\"outlook-live\":{\"label\":\"Outlook Live\",\"single_label\":\"Outlook Live\",\"visible\":true,\"block_slug\":\"hasOutlookLive\"},\"ics\":{\"label\":\".ics-Datei exportieren\",\"single_label\":\".ics-Datei exportieren\",\"visible\":true,\"block_slug\":null},\"outlook-ics\":{\"label\":\"Exportiere Outlook .ics Datei\",\"single_label\":\"Exportiere Outlook .ics Datei\",\"visible\":true,\"block_slug\":null}},\"_context\":{\"slug\":\"widget-events-list\"}}<\/script>\n\n\t\t\t\t\t\t\t<header class=\"tribe-events-widget-events-list__header\">\n\t\t\t\t\t<h2 class=\"tribe-events-widget-events-list__header-title tribe-common-h6 tribe-common-h--alt\">\n\t\t\t\t\t\tAnstehende Veranstaltungen\t\t\t\t\t<\/h2>\n\t\t\t\t<\/header>\n\t\t\t\n\t\t\t\n\t\t\t\t<div class=\"tribe-events-widget-events-list__events\">\n\t\t\t\t\t\t\t\t\t\t\t<div  class=\"tribe-common-g-row tribe-events-widget-events-list__event-row\" >\n\n\t<div class=\"tribe-events-widget-events-list__event-date-tag tribe-common-g-col\">\n\t<time class=\"tribe-events-widget-events-list__event-date-tag-datetime\" datetime=\"2026-09-19\">\n\t\t<span class=\"tribe-events-widget-events-list__event-date-tag-month\">\n\t\t\tSep.\t\t<\/span>\n\t\t<span class=\"tribe-events-widget-events-list__event-date-tag-daynum tribe-common-h2 tribe-common-h4--min-medium\">\n\t\t\t19\t\t<\/span>\n\t<\/time>\n<\/div>\n\n\t<div class=\"tribe-events-widget-events-list__event-wrapper tribe-common-g-col\">\n\t\t<article  class=\"tribe-events-widget-events-list__event post-856 tribe_events type-tribe_events status-publish hentry\" >\n\t\t\t<div class=\"tribe-events-widget-events-list__event-details\">\n\n\t\t\t\t<header class=\"tribe-events-widget-events-list__event-header\">\n\t\t\t\t\t<div class=\"tribe-events-widget-events-list__event-datetime-wrapper tribe-common-b2 tribe-common-b3--min-medium\">\n\t\t<time class=\"tribe-events-widget-events-list__event-datetime\" datetime=\"2026-09-19\">\n\t\t<span class=\"tribe-event-date-start\">17:00<\/span> &#8211; <span class=\"tribe-event-time\">19:00<\/span>\t<\/time>\n\t<\/div>\n\t\t\t\t\t<h3 class=\"tribe-events-widget-events-list__event-title tribe-common-h7\">\n\t<a\n\t\thref=\"https:\/\/kamenica-musica.de\/index.php\/event\/veranstaltungstipp-speed-dating-unterm-apfelbaum\/\"\n\t\ttitle=\"VERANSTALTUNGSTIPP: Speed-Dating unterm Apfelbaum\"\n\t\trel=\"bookmark\"\n\t\tclass=\"tribe-events-widget-events-list__event-title-link tribe-common-anchor-thin\"\n\t>\n\t\tVERANSTALTUNGSTIPP: Speed-Dating unterm Apfelbaum\t<\/a>\n<\/h3>\n\t\t\t\t<\/header>\n\n\t\t\t\t\n\t\t\t<\/div>\n\t\t<\/article>\n\t<\/div>\n\n<\/div>\n\t\t\t\t\t\t\t\t\t<\/div>\n\n\t\t\t\t<div class=\"tribe-events-widget-events-list__view-more tribe-common-b1 tribe-common-b2--min-medium\">\n\t<a\n\t\thref=\"https:\/\/kamenica-musica.de\/events\/\"\n\t\tclass=\"tribe-events-widget-events-list__view-more-link tribe-common-anchor-thin\"\n\t\ttitle=\"Weitere Veranstaltungen anzeigen.\"\n\t>\n\t\tKalender anzeigen\t<\/a>\n<\/div>\n\n\t\t\t\t\t<\/div>\n\t<\/div>\n<\/div>\n<script data-js='tribe-events-view-nonce-data' type='application\/json'>{\"_tec_view_rest_nonce_primary\":\"5e3240ce44\",\"_tec_view_rest_nonce_secondary\":\"\"}<\/script>\n\n\n\n<hr class=\"wp-block-separator has-alpha-channel-opacity\"\/>\n\n\n\n<div class=\"wp-block-media-text is-stacked-on-mobile\"><figure class=\"wp-block-media-text__media\"><img loading=\"lazy\" decoding=\"async\" width=\"942\" height=\"967\" src=\"https:\/\/kamenica-musica.de\/wp-content\/uploads\/2025\/01\/24-08-11-17-59-45-7650_.jpg\" alt=\"\" class=\"wp-image-532 size-full\" srcset=\"https:\/\/kamenica-musica.de\/wp-content\/uploads\/2025\/01\/24-08-11-17-59-45-7650_.jpg 942w, https:\/\/kamenica-musica.de\/wp-content\/uploads\/2025\/01\/24-08-11-17-59-45-7650_-292x300.jpg 292w, https:\/\/kamenica-musica.de\/wp-content\/uploads\/2025\/01\/24-08-11-17-59-45-7650_-768x788.jpg 768w\" sizes=\"auto, (max-width: 942px) 100vw, 942px\" \/><\/figure><div class=\"wp-block-media-text__content\">\n<p class=\"wp-block-paragraph\">Du m\u00f6chtest mitmachen, mit uns kooperieren oder hast Fragen oder Anregungen? Kontaktiere uns ganz einfach per Mail:<\/p>\n\n\n\n<p class=\"wp-block-paragraph\"><a href=\"mailto:info@kamenica-musica.de\">info[at]kamenica-musica.de<\/a><\/p>\n\n\n\n<p class=\"wp-block-paragraph\"><\/p>\n<\/div><\/div>\n","protected":false},"excerpt":{"rendered":"<p>Musikgeschichte(n) soll(en) im \u00f6ffentlichen Raum erlebbar werden. Gemeinsam mit Partnern aus anderen europ\u00e4ischen L\u00e4ndern und G\u00e4sten der Kulturhauptstadt wollen wir Chemnitzer Musik und Verbindungen in die Nachbarl\u00e4nder zeigen. Der Wander- [&#8230;] <\/p>\n<p class=\"more-link-container\"><a href=\"https:\/\/kamenica-musica.de\/\" class=\"more-link\">Read More<span class=\"screen-reader-text\"> &#8222;Herzlich Willkommen&#8220;<\/span><\/a><\/p>\n","protected":false},"author":2,"featured_media":0,"parent":0,"menu_order":0,"comment_status":"closed","ping_status":"closed","template":"","meta":{"_price":"","_stock":"","_tribe_ticket_header":"","_tribe_default_ticket_provider":"","_tribe_ticket_capacity":"0","_ticket_start_date":"","_ticket_end_date":"","_tribe_ticket_show_description":"","_tribe_ticket_show_not_going":false,"_tribe_ticket_use_global_stock":"","_tribe_ticket_global_stock_level":"","_global_stock_mode":"","_global_stock_cap":"","_tribe_rsvp_for_event":"","_tribe_ticket_going_count":"","_tribe_ticket_not_going_count":"","_tribe_tickets_list":"[]","_tribe_ticket_has_attendee_info_fields":false,"footnotes":"","_tec_slr_enabled":"","_tec_slr_layout":""},"class_list":["post-84","page","type-page","status-publish","hentry"],"ticketed":false,"_links":{"self":[{"href":"https:\/\/kamenica-musica.de\/index.php\/wp-json\/wp\/v2\/pages\/84","targetHints":{"allow":["GET"]}}],"collection":[{"href":"https:\/\/kamenica-musica.de\/index.php\/wp-json\/wp\/v2\/pages"}],"about":[{"href":"https:\/\/kamenica-musica.de\/index.php\/wp-json\/wp\/v2\/types\/page"}],"author":[{"embeddable":true,"href":"https:\/\/kamenica-musica.de\/index.php\/wp-json\/wp\/v2\/users\/2"}],"replies":[{"embeddable":true,"href":"https:\/\/kamenica-musica.de\/index.php\/wp-json\/wp\/v2\/comments?post=84"}],"version-history":[{"count":23,"href":"https:\/\/kamenica-musica.de\/index.php\/wp-json\/wp\/v2\/pages\/84\/revisions"}],"predecessor-version":[{"id":851,"href":"https:\/\/kamenica-musica.de\/index.php\/wp-json\/wp\/v2\/pages\/84\/revisions\/851"}],"wp:attachment":[{"href":"https:\/\/kamenica-musica.de\/index.php\/wp-json\/wp\/v2\/media?parent=84"}],"curies":[{"name":"wp","href":"https:\/\/api.w.org\/{rel}","templated":true}]}}